{"id":31776,"date":"2021-06-09T10:39:34","date_gmt":"2021-06-09T08:39:34","guid":{"rendered":"https:\/\/lessentiel-chez-raphael.bio\/?page_id=31776"},"modified":"2022-04-05T08:54:58","modified_gmt":"2022-04-05T06:54:58","slug":"food-truck","status":"publish","type":"page","link":"https:\/\/lessentiel-chez-raphael.bio\/?page_id=31776","title":{"rendered":"Food truck"},"content":{"rendered":"<p>[et_pb_section fb_built=\u00a0\u00bb1&Prime; fullwidth=\u00a0\u00bbon\u00a0\u00bb _builder_version=\u00a0\u00bb4.11.3&Prime; _module_preset=\u00a0\u00bbdefault\u00a0\u00bb hover_enabled=\u00a0\u00bb0&Prime; global_colors_info=\u00a0\u00bb{}\u00a0\u00bb sticky_enabled=\u00a0\u00bb0&Prime;][et_pb_fullwidth_header title=\u00a0\u00bbFood truck v\u00e9g\u00e9talien et bio\u00a0\u00bb _builder_version=\u00a0\u00bb4.11.3&Prime; _module_preset=\u00a0\u00bbdefault\u00a0\u00bb background_image=\u00a0\u00bbhttps:\/\/lessentiel-chez-raphael.bio\/wp-content\/uploads\/2021\/10\/food-truck-4.png\u00a0\u00bb min_height=\u00a0\u00bb380px\u00a0\u00bb custom_margin=\u00a0\u00bb||16px|||\u00a0\u00bb custom_padding=\u00a0\u00bb||135px|||\u00a0\u00bb hover_enabled=\u00a0\u00bb0&Prime; global_colors_info=\u00a0\u00bb{}\u00a0\u00bb sticky_enabled=\u00a0\u00bb0&Prime;]<\/p>\n<h6>Des repas \u00e0 emporter dans les alentours de Strasbourg<\/h6>\n<p><em><\/em><\/p>\n<p><em>Cuisine v\u00e9g\u00e9tale et bio<\/em><\/p>\n<p><em>Emplacements r\u00e9guliers<\/em><\/p>\n<p><em>Consignes&#8230;<\/em><\/p>\n<p>[\/et_pb_fullwidth_header][\/et_pb_section][et_pb_section fb_built=\u00a0\u00bb1&Prime; _builder_version=\u00a0\u00bb4.6.6&Prime; _module_preset=\u00a0\u00bbdefault\u00a0\u00bb min_height=\u00a0\u00bb664.2px\u00a0\u00bb custom_padding=\u00a0\u00bb0px|||||\u00a0\u00bb global_colors_info=\u00a0\u00bb{}\u00a0\u00bb][et_pb_row _builder_version=\u00a0\u00bb4.6.6&Prime; _module_preset=\u00a0\u00bbdefault\u00a0\u00bb min_height=\u00a0\u00bb821.2px\u00a0\u00bb custom_margin=\u00a0\u00bb-41px|auto||auto||\u00a0\u00bb custom_padding=\u00a0\u00bb||94px|||\u00a0\u00bb global_colors_info=\u00a0\u00bb{}\u00a0\u00bb][et_pb_column type=\u00a0\u00bb4_4&Prime; _builder_version=\u00a0\u00bb4.6.6&Prime; _module_preset=\u00a0\u00bbdefault\u00a0\u00bb global_colors_info=\u00a0\u00bb{}\u00a0\u00bb][et_pb_divider _builder_version=\u00a0\u00bb4.11.3&Prime; _module_preset=\u00a0\u00bbdefault\u00a0\u00bb custom_margin=\u00a0\u00bb||-2px|||\u00a0\u00bb global_colors_info=\u00a0\u00bb{}\u00a0\u00bb][\/et_pb_divider][et_pb_text _builder_version=\u00a0\u00bb4.11.3&Prime; _module_preset=\u00a0\u00bbdefault\u00a0\u00bb custom_margin=\u00a0\u00bb||-32px|||\u00a0\u00bb custom_padding=\u00a0\u00bb2px|||||\u00a0\u00bb global_colors_info=\u00a0\u00bb{}\u00a0\u00bb]<\/p>\n<div class=\"page\" title=\"Page 1\">\n<div class=\"layoutArea\">\n<div class=\"column\">\n<h2 style=\"text-align: center;\"><span style=\"font-size: 31px; text-align: left;\"><\/span><\/h2>\n<p><span style=\"font-size: 31px; text-align: left;\"><\/span><\/p>\n<h2 style=\"text-align: left;\"><span style=\"font-size: 31px; text-align: left;\">Un food truck pas comme les autres<\/span><\/h2>\n<p>&nbsp;<\/p>\n<p style=\"text-align: left;\"><span style=\"font-family: inherit;\">Pre\u0301sent dans les alentours de Strasbourg depuis maintenant 5 ans, notre food truck est un des rares a\u0300 e\u0302tre certifie\u0301 en restauration <strong>biologiqu<\/strong>e en France et qui propose une <strong>cuisine ve\u0301ge\u0301tale<\/strong> dans le Bas-Rhin.<\/span><\/p>\n<p style=\"text-align: left;\"><strong><\/strong><\/p>\n<div class=\"page\" title=\"Page 1\">\n<div class=\"layoutArea\">\n<div class=\"column\">\n<div class=\"page\" title=\"Page 1\">\n<div class=\"layoutArea\">\n<div class=\"column\">\n<p><span>Nous sommes reconnus pour la qualite\u0301 de nos re\u0301alisations : des <\/span><strong>plats soigne\u0301s, raffine\u0301s et diversifie\u0301s<\/strong><\/p>\n<p>&nbsp;<\/p>\n<\/div>\n<\/div>\n<\/div>\n<\/div>\n<\/div>\n<\/div>\n<\/div>\n<\/div>\n<\/div>\n<p>[\/et_pb_text][et_pb_gallery gallery_ids=\u00a0\u00bb32081,32086,32303,32077,32078,32302,32079,32082,32088,32091,32305,32306&Prime; orientation=\u00a0\u00bbportrait\u00a0\u00bb show_title_and_caption=\u00a0\u00bboff\u00a0\u00bb _builder_version=\u00a0\u00bb4.11.3&Prime; _module_preset=\u00a0\u00bbdefault\u00a0\u00bb custom_padding=\u00a0\u00bb45px|||||\u00a0\u00bb hover_enabled=\u00a0\u00bb0&Prime; global_colors_info=\u00a0\u00bb{}\u00a0\u00bb sticky_enabled=\u00a0\u00bb0&Prime;][\/et_pb_gallery][et_pb_text _builder_version=\u00a0\u00bb4.11.3&Prime; _module_preset=\u00a0\u00bbdefault\u00a0\u00bb custom_margin=\u00a0\u00bb-22px|||||\u00a0\u00bb global_colors_info=\u00a0\u00bb{}\u00a0\u00bb]<\/p>\n<p>Inspir\u00e9 de la cuisine du monde, nous aimons innover, varier nos plats et par cons\u00e9quent proposer une carte renouvel\u00e9e.<\/p>\n<p><span>Nous proposons chaque semaine un certain nombre de sp\u00e9cialit\u00e9s v\u00e9g\u00e9tales :<\/span><\/p>\n<p><span> &#8211; un nouveau plat du jour<\/span><\/p>\n<p>&#8211; deux suggestions de plats en plus (changent \u00e0 peu pr\u00e8s tous les 2 mois)<span><\/span><\/p>\n<p>&#8211; minimum 2 entr\u00e9es<\/p>\n<p>&#8211; minimum 3 sortes de desserts<\/p>\n<p>&#8211; un jus maison<\/p>\n<p>&#8211; limonades aromatis\u00e9es et bi\u00e8res<\/p>\n<p>&#8211; eaux plates ou p\u00e9tillantes<\/p>\n<p>Bien entendu, toutes nos sp\u00e9cialit\u00e9s sont cuisin\u00e9es maison \u00e0 partir de produits bio et v\u00e9g\u00e9taux.<\/p>\n<p>[\/et_pb_text][et_pb_button button_url=\u00a0\u00bbhttps:\/\/lessentiel-chez-raphael.bio\/menu\/\u00a0\u00bb url_new_window=\u00a0\u00bbon\u00a0\u00bb button_text=\u00a0\u00bbD\u00c9COUVREZ NOTRE MENU\u00a0\u00bb button_alignment=\u00a0\u00bbleft\u00a0\u00bb disabled_on=\u00a0\u00bboff|off|off\u00a0\u00bb _builder_version=\u00a0\u00bb4.11.3&Prime; _module_preset=\u00a0\u00bbdefault\u00a0\u00bb custom_button=\u00a0\u00bbon\u00a0\u00bb button_text_size=\u00a0\u00bb16px\u00a0\u00bb button_text_color=\u00a0\u00bb#ffffff\u00a0\u00bb button_bg_color=\u00a0\u00bbrgba(84,32,0,0.83)\u00a0\u00bb button_border_width=\u00a0\u00bb3px\u00a0\u00bb transform_translate=\u00a0\u00bb-3px|-8px\u00a0\u00bb custom_margin=\u00a0\u00bb53px||45px||false|false\u00a0\u00bb custom_padding=\u00a0\u00bb||4px|||\u00a0\u00bb box_shadow_style=\u00a0\u00bbpreset2&Prime; box_shadow_horizontal=\u00a0\u00bb17px\u00a0\u00bb box_shadow_vertical=\u00a0\u00bb9px\u00a0\u00bb global_colors_info=\u00a0\u00bb{}\u00a0\u00bb][\/et_pb_button][et_pb_divider divider_style=\u00a0\u00bbgroove\u00a0\u00bb _builder_version=\u00a0\u00bb4.11.3&Prime; _module_preset=\u00a0\u00bbdefault\u00a0\u00bb min_height=\u00a0\u00bb13px\u00a0\u00bb custom_padding=\u00a0\u00bb||0px|||\u00a0\u00bb global_colors_info=\u00a0\u00bb{}\u00a0\u00bb][\/et_pb_divider][et_pb_text _builder_version=\u00a0\u00bb4.11.3&Prime; _module_preset=\u00a0\u00bbdefault\u00a0\u00bb global_colors_info=\u00a0\u00bb{}\u00a0\u00bb]<\/p>\n<h2>Notre fonctionnement<\/h2>\n<p>&nbsp;<\/p>\n<h4>Emplacements<\/h4>\n<p>[\/et_pb_text][et_pb_divider color=\u00a0\u00bbrgba(216,48,45,0.94)\u00a0\u00bb divider_style=\u00a0\u00bbdouble\u00a0\u00bb divider_weight=\u00a0\u00bb4px\u00a0\u00bb _builder_version=\u00a0\u00bb4.11.3&Prime; _module_preset=\u00a0\u00bbdefault\u00a0\u00bb width=\u00a0\u00bb6%\u00a0\u00bb max_width=\u00a0\u00bb11%\u00a0\u00bb min_height=\u00a0\u00bb9px\u00a0\u00bb custom_margin=\u00a0\u00bb||10px|||\u00a0\u00bb locked=\u00a0\u00bboff\u00a0\u00bb global_colors_info=\u00a0\u00bb{}\u00a0\u00bb][\/et_pb_divider][et_pb_text _builder_version=\u00a0\u00bb4.11.3&Prime; _module_preset=\u00a0\u00bbdefault\u00a0\u00bb min_height=\u00a0\u00bb99px\u00a0\u00bb custom_padding=\u00a0\u00bb1px||0px|||\u00a0\u00bb global_colors_info=\u00a0\u00bb{}\u00a0\u00bb]<\/p>\n<p>Notre food truck est pr\u00e9sent sur 3 emplacements r\u00e9guliers chaque semaine. Nous pouvons parfois en annuler d&rsquo;une semaine \u00e0 l&rsquo;autre si le food truck est privatis\u00e9 ou si une prestation est pr\u00e9vue en traiteur.<\/p>\n<p>[\/et_pb_text][et_pb_button button_url=\u00a0\u00bbhttps:\/\/lessentiel-chez-raphael.bio\/emplacements\/\u00a0\u00bb url_new_window=\u00a0\u00bbon\u00a0\u00bb button_text=\u00a0\u00bbNOS EMPLACEMENTS\u00a0\u00bb button_alignment=\u00a0\u00bbleft\u00a0\u00bb _builder_version=\u00a0\u00bb4.11.3&Prime; _module_preset=\u00a0\u00bbdefault\u00a0\u00bb custom_button=\u00a0\u00bbon\u00a0\u00bb button_text_size=\u00a0\u00bb15px\u00a0\u00bb button_text_color=\u00a0\u00bb#ffffff\u00a0\u00bb button_bg_color=\u00a0\u00bbrgba(76,34,0,0.34)\u00a0\u00bb button_border_width=\u00a0\u00bb3px\u00a0\u00bb transform_translate=\u00a0\u00bb1px|-6px\u00a0\u00bb custom_margin=\u00a0\u00bb-23px||5px||false|false\u00a0\u00bb box_shadow_style=\u00a0\u00bbpreset2&Prime; box_shadow_horizontal=\u00a0\u00bb17px\u00a0\u00bb box_shadow_vertical=\u00a0\u00bb9px\u00a0\u00bb global_colors_info=\u00a0\u00bb{}\u00a0\u00bb][\/et_pb_button][et_pb_text _builder_version=\u00a0\u00bb4.11.3&Prime; _module_preset=\u00a0\u00bbdefault\u00a0\u00bb custom_padding=\u00a0\u00bb49px|||||\u00a0\u00bb global_colors_info=\u00a0\u00bb{}\u00a0\u00bb]<\/p>\n<h4>Syst\u00e8me de consigne<\/h4>\n<p>[\/et_pb_text][et_pb_divider color=\u00a0\u00bbrgba(216,48,45,0.94)\u00a0\u00bb divider_style=\u00a0\u00bbdouble\u00a0\u00bb divider_weight=\u00a0\u00bb4px\u00a0\u00bb _builder_version=\u00a0\u00bb4.11.3&Prime; _module_preset=\u00a0\u00bbdefault\u00a0\u00bb width=\u00a0\u00bb6%\u00a0\u00bb max_width=\u00a0\u00bb100%\u00a0\u00bb min_height=\u00a0\u00bb9px\u00a0\u00bb custom_margin=\u00a0\u00bb||10px|||\u00a0\u00bb locked=\u00a0\u00bboff\u00a0\u00bb global_colors_info=\u00a0\u00bb{}\u00a0\u00bb][\/et_pb_divider][et_pb_text _builder_version=\u00a0\u00bb4.11.3&Prime; _module_preset=\u00a0\u00bbdefault\u00a0\u00bb global_colors_info=\u00a0\u00bb{}\u00a0\u00bb]<\/p>\n<p>Engag\u00e9 pour le <strong>0 d\u00e9chet<\/strong>, nous fonctionnons avec un syst\u00e8me de <strong>consigne<\/strong>.<\/p>\n<p>En effet, chaque contenant de nos entr\u00e9es, plats, desserts et boissons sont consign\u00e9s. Il vous suffit de nous les retourner la semaine d&rsquo;apr\u00e8s ou juste apr\u00e8s votre repas.<\/p>\n<p>Ainsi, nous \u00e9vitons une masse consid\u00e9rable de d\u00e9chets plastiques, cartons ou autre.<\/p>\n<p>Pour en apprendre plus sur les consignes rendez-vous sur notre page :<\/p>\n<p>[\/et_pb_text][et_pb_button button_url=\u00a0\u00bbhttps:\/\/lessentiel-chez-raphael.bio\/nos-valeurs\/\u00a0\u00bb button_text=\u00a0\u00bbNOS VALEURS\u00a0\u00bb _builder_version=\u00a0\u00bb4.11.3&Prime; _module_preset=\u00a0\u00bbdefault\u00a0\u00bb custom_button=\u00a0\u00bbon\u00a0\u00bb button_text_size=\u00a0\u00bb16px\u00a0\u00bb button_text_color=\u00a0\u00bb#ffffff\u00a0\u00bb button_bg_color=\u00a0\u00bbrgba(76,45,0,0.19)\u00a0\u00bb button_border_width=\u00a0\u00bb5px\u00a0\u00bb custom_padding=\u00a0\u00bb||2px|||\u00a0\u00bb box_shadow_style=\u00a0\u00bbpreset2&Prime; box_shadow_horizontal=\u00a0\u00bb10px\u00a0\u00bb box_shadow_vertical=\u00a0\u00bb13px\u00a0\u00bb global_colors_info=\u00a0\u00bb{}\u00a0\u00bb][\/et_pb_button][et_pb_gallery gallery_ids=\u00a0\u00bb31768,31767,31770&Prime; show_title_and_caption=\u00a0\u00bboff\u00a0\u00bb show_pagination=\u00a0\u00bboff\u00a0\u00bb _builder_version=\u00a0\u00bb4.11.3&Prime; _module_preset=\u00a0\u00bbdefault\u00a0\u00bb min_height=\u00a0\u00bb149.4px\u00a0\u00bb custom_padding=\u00a0\u00bb34px|||||\u00a0\u00bb global_colors_info=\u00a0\u00bb{}\u00a0\u00bb][\/et_pb_gallery][\/et_pb_column][\/et_pb_row][\/et_pb_section]<\/p>\n","protected":false},"excerpt":{"rendered":"<p>Des repas \u00e0 emporter dans les alentours de Strasbourg Cuisine v\u00e9g\u00e9tale et bio Emplacements r\u00e9guliers Consignes&#8230; Un food truck pas comme les autres &nbsp; Pre\u0301sent dans les alentours de Strasbourg depuis maintenant 5 ans, notre food truck est un des rares a\u0300 e\u0302tre certifie\u0301 en restauration biologique en France et qui propose une cuisine ve\u0301ge\u0301tale [&hellip;]<\/p>\n","protected":false},"author":6,"featured_media":0,"parent":0,"menu_order":0,"comment_status":"closed","ping_status":"closed","template":"","meta":{"_et_pb_use_builder":"on","_et_pb_old_content":"","_et_gb_content_width":""},"_links":{"self":[{"href":"https:\/\/lessentiel-chez-raphael.bio\/index.php?rest_route=\/wp\/v2\/pages\/31776"}],"collection":[{"href":"https:\/\/lessentiel-chez-raphael.bio\/index.php?rest_route=\/wp\/v2\/pages"}],"about":[{"href":"https:\/\/lessentiel-chez-raphael.bio\/index.php?rest_route=\/wp\/v2\/types\/page"}],"author":[{"embeddable":true,"href":"https:\/\/lessentiel-chez-raphael.bio\/index.php?rest_route=\/wp\/v2\/users\/6"}],"replies":[{"embeddable":true,"href":"https:\/\/lessentiel-chez-raphael.bio\/index.php?rest_route=%2Fwp%2Fv2%2Fcomments&post=31776"}],"version-history":[{"count":51,"href":"https:\/\/lessentiel-chez-raphael.bio\/index.php?rest_route=\/wp\/v2\/pages\/31776\/revisions"}],"predecessor-version":[{"id":32307,"href":"https:\/\/lessentiel-chez-raphael.bio\/index.php?rest_route=\/wp\/v2\/pages\/31776\/revisions\/32307"}],"wp:attachment":[{"href":"https:\/\/lessentiel-chez-raphael.bio\/index.php?rest_route=%2Fwp%2Fv2%2Fmedia&parent=31776"}],"curies":[{"name":"wp","href":"https:\/\/api.w.org\/{rel}","templated":true}]}}